{"id":1737,"date":"2019-11-25T18:29:12","date_gmt":"2019-11-25T18:29:12","guid":{"rendered":"https:\/\/ste-clm.com\/permisos\/?page_id=1737"},"modified":"2023-10-26T08:43:27","modified_gmt":"2023-10-26T08:43:27","slug":"nacimiento-adopcion-guarda-acogimiento","status":"publish","type":"page","link":"https:\/\/ste-clm.com\/permisos3\/nacimiento-adopcion-guarda-acogimiento\/","title":{"rendered":"MATERNIDAD\/PATERNIDAD"},"content":{"rendered":"\t\t<div data-elementor-type=\"wp-page\" data-elementor-id=\"1737\" class=\"elementor elementor-1737\">\n\t\t\t\t\t\t<div class=\"elementor-inner\">\n\t\t\t\t<div class=\"elementor-section-wrap\">\n\t\t\t\t\t\t\t\t\t<section class=\"elementor-section elementor-top-section elementor-element elementor-element-65cf3ba elementor-section-boxed elementor-section-height-default elementor-section-height-default\" data-id=\"65cf3ba\" data-element_type=\"section\">\n\t\t\t\t\t\t<div class=\"elementor-container elementor-column-gap-default\">\n\t\t\t\t\t\t\t<div class=\"elementor-row\">\n\t\t\t\t\t<div class=\"elementor-column elementor-col-100 elementor-top-column elementor-element elementor-element-61a4bb7\" data-id=\"61a4bb7\" data-element_type=\"column\">\n\t\t\t<div class=\"elementor-column-wrap elementor-element-populated\">\n\t\t\t\t\t\t\t<div class=\"elementor-widget-wrap\">\n\t\t\t\t\t\t<div class=\"elementor-element elementor-element-38a98db elementor-widget elementor-widget-heading\" data-id=\"38a98db\" data-element_type=\"widget\" data-widget_type=\"heading.default\">\n\t\t\t\t<div class=\"elementor-widget-container\">\n\t\t\t<h1 class=\"elementor-heading-title elementor-size-default\">4. MATERNIDAD\/PATERNIDAD\n<\/h1>\t\t<\/div>\n\t\t\t\t<\/div>\n\t\t\t\t<div class=\"elementor-element elementor-element-a761314 elementor-grid-eael-col-5 elementor-grid-tablet-eael-col-2 elementor-grid-mobile-eael-col-1 elementor-widget elementor-widget-eael-post-grid\" data-id=\"a761314\" data-element_type=\"widget\" data-settings=\"{&quot;eael_post_grid_columns&quot;:&quot;eael-col-5&quot;,&quot;eael_post_grid_columns_tablet&quot;:&quot;eael-col-2&quot;,&quot;eael_post_grid_columns_mobile&quot;:&quot;eael-col-1&quot;}\" data-widget_type=\"eael-post-grid.default\">\n\t\t\t\t<div class=\"elementor-widget-container\">\n\t\t\t<div id=\"eael-post-grid-a761314\" class=\"eael-post-grid-container\">\n            <div class=\"eael-post-grid eael-post-appender eael-post-appender-a761314 eael-post-grid-style-default\" data-layout-mode=\"masonry\"><article class=\"eael-grid-post eael-post-grid-column\" data-id=\"2295\">\n        <div class=\"eael-grid-post-holder\">\n            <div class=\"eael-grid-post-holder-inner\"><div class=\"eael-entry-media\"><div class=\"eael-entry-overlay fade-in\"><i class=\"fas fa-long-arrow-alt-right\" aria-hidden=\"true\"><\/i><a href=\"https:\/\/ste-clm.com\/permisos3\/permiso-parental-para-cuidado-de-hijas-os-o-menores-acogidos\/\"><\/a><\/div><div class=\"eael-entry-thumbnail \">\n                <img width=\"234\" height=\"234\" src=\"https:\/\/ste-clm.com\/permisos3\/permisos\/wp-content\/uploads\/2018\/12\/0049_4.png\" class=\"attachment-medium size-medium\" alt=\"\" loading=\"lazy\" srcset=\"https:\/\/ste-clm.com\/permisos3\/permisos\/wp-content\/uploads\/2018\/12\/0049_4.png 234w, https:\/\/ste-clm.com\/permisos3\/permisos\/wp-content\/uploads\/2018\/12\/0049_4-150x150.png 150w, https:\/\/ste-clm.com\/permisos3\/permisos\/wp-content\/uploads\/2018\/12\/0049_4-230x230.png 230w\" sizes=\"(max-width: 234px) 100vw, 234px\" \/>\n            <\/div>\n        <\/div><div class=\"eael-entry-wrapper\"><header class=\"eael-entry-header\"><h2 class=\"eael-entry-title\"><a\n                        class=\"eael-grid-post-link\"\n                        href=\"https:\/\/ste-clm.com\/permisos3\/permiso-parental-para-cuidado-de-hijas-os-o-menores-acogidos\/\"\n                        title=\"PERMISO PARENTAL PARA CUIDADO DE HIJAS\/OS O MENORES ACOGIDOS (Hasta los 8 a\u00f1os)\">PERMISO PARENTAL PARA CUIDADO DE HIJAS\/OS O MENORES ACOGIDOS (Hasta los 8 a\u00f1os)<\/a><\/h2><\/header><\/div><\/div>\n        <\/div>\n    <\/article><article class=\"eael-grid-post eael-post-grid-column\" data-id=\"2140\">\n        <div class=\"eael-grid-post-holder\">\n            <div class=\"eael-grid-post-holder-inner\"><div class=\"eael-entry-media\"><div class=\"eael-entry-overlay fade-in\"><i class=\"fas fa-long-arrow-alt-right\" aria-hidden=\"true\"><\/i><a href=\"https:\/\/ste-clm.com\/permisos3\/permiso-retribuido-para-empleadas-en-estado-de-gestacion\/\"><\/a><\/div><div class=\"eael-entry-thumbnail \">\n                <img width=\"234\" height=\"234\" src=\"https:\/\/ste-clm.com\/permisos3\/permisos\/wp-content\/uploads\/2018\/12\/0022_32.png\" class=\"attachment-medium size-medium\" alt=\"\" loading=\"lazy\" srcset=\"https:\/\/ste-clm.com\/permisos3\/permisos\/wp-content\/uploads\/2018\/12\/0022_32.png 234w, https:\/\/ste-clm.com\/permisos3\/permisos\/wp-content\/uploads\/2018\/12\/0022_32-150x150.png 150w, https:\/\/ste-clm.com\/permisos3\/permisos\/wp-content\/uploads\/2018\/12\/0022_32-230x230.png 230w\" sizes=\"(max-width: 234px) 100vw, 234px\" \/>\n            <\/div>\n        <\/div><div class=\"eael-entry-wrapper\"><header class=\"eael-entry-header\"><h2 class=\"eael-entry-title\"><a\n                        class=\"eael-grid-post-link\"\n                        href=\"https:\/\/ste-clm.com\/permisos3\/permiso-retribuido-para-empleadas-en-estado-de-gestacion\/\"\n                        title=\"PERMISO RETRIBUIDO PARA EMPLEADAS EN ESTADO DE GESTACI\u00d3N\">PERMISO RETRIBUIDO PARA EMPLEADAS EN ESTADO DE GESTACI\u00d3N<\/a><\/h2><\/header><\/div><\/div>\n        <\/div>\n    <\/article><article class=\"eael-grid-post eael-post-grid-column\" data-id=\"2131\">\n        <div class=\"eael-grid-post-holder\">\n            <div class=\"eael-grid-post-holder-inner\"><div class=\"eael-entry-media\"><div class=\"eael-entry-overlay fade-in\"><i class=\"fas fa-long-arrow-alt-right\" aria-hidden=\"true\"><\/i><a href=\"https:\/\/ste-clm.com\/permisos3\/tecnicas-de-fecundacion-asistida\/\"><\/a><\/div><div class=\"eael-entry-thumbnail \">\n                <img width=\"234\" height=\"234\" src=\"https:\/\/ste-clm.com\/permisos3\/permisos\/wp-content\/uploads\/2018\/12\/0022_32.png\" class=\"attachment-medium size-medium\" alt=\"\" loading=\"lazy\" srcset=\"https:\/\/ste-clm.com\/permisos3\/permisos\/wp-content\/uploads\/2018\/12\/0022_32.png 234w, https:\/\/ste-clm.com\/permisos3\/permisos\/wp-content\/uploads\/2018\/12\/0022_32-150x150.png 150w, https:\/\/ste-clm.com\/permisos3\/permisos\/wp-content\/uploads\/2018\/12\/0022_32-230x230.png 230w\" sizes=\"(max-width: 234px) 100vw, 234px\" \/>\n            <\/div>\n        <\/div><div class=\"eael-entry-wrapper\"><header class=\"eael-entry-header\"><h2 class=\"eael-entry-title\"><a\n                        class=\"eael-grid-post-link\"\n                        href=\"https:\/\/ste-clm.com\/permisos3\/tecnicas-de-fecundacion-asistida\/\"\n                        title=\"T\u00c9CNICAS DE FECUNDACI\u00d3N ASISTIDA, REALIZACI\u00d3N DE EX\u00c1MENES PRENATALES Y T\u00c9CNICAS DE PREPARACI\u00d3N AL PARTO\">T\u00c9CNICAS DE FECUNDACI\u00d3N ASISTIDA, REALIZACI\u00d3N DE EX\u00c1MENES PRENATALES Y T\u00c9CNICAS DE PREPARACI\u00d3N AL PARTO<\/a><\/h2><\/header><\/div><\/div>\n        <\/div>\n    <\/article><article class=\"eael-grid-post eael-post-grid-column\" data-id=\"877\">\n        <div class=\"eael-grid-post-holder\">\n            <div class=\"eael-grid-post-holder-inner\"><div class=\"eael-entry-media\"><div class=\"eael-entry-overlay fade-in\"><i class=\"fas fa-long-arrow-alt-right\" aria-hidden=\"true\"><\/i><a href=\"https:\/\/ste-clm.com\/permisos3\/lactancia-de-hijo-a-menor-de-16-meses\/\"><\/a><\/div><div class=\"eael-entry-thumbnail \">\n                <img width=\"234\" height=\"234\" src=\"https:\/\/ste-clm.com\/permisos3\/permisos\/wp-content\/uploads\/2018\/12\/0045_8.png\" class=\"attachment-medium size-medium\" alt=\"\" loading=\"lazy\" srcset=\"https:\/\/ste-clm.com\/permisos3\/permisos\/wp-content\/uploads\/2018\/12\/0045_8.png 234w, https:\/\/ste-clm.com\/permisos3\/permisos\/wp-content\/uploads\/2018\/12\/0045_8-150x150.png 150w, https:\/\/ste-clm.com\/permisos3\/permisos\/wp-content\/uploads\/2018\/12\/0045_8-230x230.png 230w\" sizes=\"(max-width: 234px) 100vw, 234px\" \/>\n            <\/div>\n        <\/div><div class=\"eael-entry-wrapper\"><header class=\"eael-entry-header\"><h2 class=\"eael-entry-title\"><a\n                        class=\"eael-grid-post-link\"\n                        href=\"https:\/\/ste-clm.com\/permisos3\/lactancia-de-hijo-a-menor-de-16-meses\/\"\n                        title=\"LACTANCIA DE HIJO\/A MENOR DE 16 MESES\">LACTANCIA DE HIJO\/A MENOR DE 16 MESES<\/a><\/h2><\/header><\/div><\/div>\n        <\/div>\n    <\/article><article class=\"eael-grid-post eael-post-grid-column\" data-id=\"865\">\n        <div class=\"eael-grid-post-holder\">\n            <div class=\"eael-grid-post-holder-inner\"><div class=\"eael-entry-media\"><div class=\"eael-entry-overlay fade-in\"><i class=\"fas fa-long-arrow-alt-right\" aria-hidden=\"true\"><\/i><a href=\"https:\/\/ste-clm.com\/permisos3\/acogimiento-duracion-no-inferior-a-un-ano-o-adopcion\/\"><\/a><\/div><div class=\"eael-entry-thumbnail \">\n                <img width=\"234\" height=\"234\" src=\"https:\/\/ste-clm.com\/permisos3\/permisos\/wp-content\/uploads\/2018\/12\/0023_31.png\" class=\"attachment-medium size-medium\" alt=\"\" loading=\"lazy\" srcset=\"https:\/\/ste-clm.com\/permisos3\/permisos\/wp-content\/uploads\/2018\/12\/0023_31.png 234w, https:\/\/ste-clm.com\/permisos3\/permisos\/wp-content\/uploads\/2018\/12\/0023_31-150x150.png 150w, https:\/\/ste-clm.com\/permisos3\/permisos\/wp-content\/uploads\/2018\/12\/0023_31-230x230.png 230w\" sizes=\"(max-width: 234px) 100vw, 234px\" \/>\n            <\/div>\n        <\/div><div class=\"eael-entry-wrapper\"><header class=\"eael-entry-header\"><h2 class=\"eael-entry-title\"><a\n                        class=\"eael-grid-post-link\"\n                        href=\"https:\/\/ste-clm.com\/permisos3\/acogimiento-duracion-no-inferior-a-un-ano-o-adopcion\/\"\n                        title=\"ADOPCI\u00d3N, GUARDA CON FINES DE ADOPCI\u00d3N O ACOGIMIENTO\">ADOPCI\u00d3N, GUARDA CON FINES DE ADOPCI\u00d3N O ACOGIMIENTO<\/a><\/h2><\/header><\/div><\/div>\n        <\/div>\n    <\/article><article class=\"eael-grid-post eael-post-grid-column\" data-id=\"861\">\n        <div class=\"eael-grid-post-holder\">\n            <div class=\"eael-grid-post-holder-inner\"><div class=\"eael-entry-media\"><div class=\"eael-entry-overlay fade-in\"><i class=\"fas fa-long-arrow-alt-right\" aria-hidden=\"true\"><\/i><a href=\"https:\/\/ste-clm.com\/permisos3\/maternidad\/\"><\/a><\/div><div class=\"eael-entry-thumbnail \">\n                <img width=\"234\" height=\"234\" src=\"https:\/\/ste-clm.com\/permisos3\/permisos\/wp-content\/uploads\/2018\/12\/0024_30.png\" class=\"attachment-medium size-medium\" alt=\"\" loading=\"lazy\" srcset=\"https:\/\/ste-clm.com\/permisos3\/permisos\/wp-content\/uploads\/2018\/12\/0024_30.png 234w, https:\/\/ste-clm.com\/permisos3\/permisos\/wp-content\/uploads\/2018\/12\/0024_30-150x150.png 150w, https:\/\/ste-clm.com\/permisos3\/permisos\/wp-content\/uploads\/2018\/12\/0024_30-230x230.png 230w\" sizes=\"(max-width: 234px) 100vw, 234px\" \/>\n            <\/div>\n        <\/div><div class=\"eael-entry-wrapper\"><header class=\"eael-entry-header\"><h2 class=\"eael-entry-title\"><a\n                        class=\"eael-grid-post-link\"\n                        href=\"https:\/\/ste-clm.com\/permisos3\/maternidad\/\"\n                        title=\"PERMISO DE MATERNIDAD\/PATERNIDAD (NACIMIENTO DE HIJAS O HIJOS)\">PERMISO DE MATERNIDAD\/PATERNIDAD (NACIMIENTO DE HIJAS O HIJOS)<\/a><\/h2><\/header><\/div><\/div>\n        <\/div>\n    <\/article><article class=\"eael-grid-post eael-post-grid-column\" data-id=\"765\">\n        <div class=\"eael-grid-post-holder\">\n            <div class=\"eael-grid-post-holder-inner\"><div class=\"eael-entry-media\"><div class=\"eael-entry-overlay fade-in\"><i class=\"fas fa-long-arrow-alt-right\" aria-hidden=\"true\"><\/i><a href=\"https:\/\/ste-clm.com\/permisos3\/proteccion-de-la-maternidad\/\"><\/a><\/div><div class=\"eael-entry-thumbnail \">\n                <img width=\"234\" height=\"234\" src=\"https:\/\/ste-clm.com\/permisos3\/permisos\/wp-content\/uploads\/2018\/12\/0045_8.png\" class=\"attachment-medium size-medium\" alt=\"\" loading=\"lazy\" srcset=\"https:\/\/ste-clm.com\/permisos3\/permisos\/wp-content\/uploads\/2018\/12\/0045_8.png 234w, https:\/\/ste-clm.com\/permisos3\/permisos\/wp-content\/uploads\/2018\/12\/0045_8-150x150.png 150w, https:\/\/ste-clm.com\/permisos3\/permisos\/wp-content\/uploads\/2018\/12\/0045_8-230x230.png 230w\" sizes=\"(max-width: 234px) 100vw, 234px\" \/>\n            <\/div>\n        <\/div><div class=\"eael-entry-wrapper\"><header class=\"eael-entry-header\"><h2 class=\"eael-entry-title\"><a\n                        class=\"eael-grid-post-link\"\n                        href=\"https:\/\/ste-clm.com\/permisos3\/proteccion-de-la-maternidad\/\"\n                        title=\"PROTECCI\u00d3N DE LA MATERNIDAD\">PROTECCI\u00d3N DE LA MATERNIDAD<\/a><\/h2><\/header><\/div><\/div>\n        <\/div>\n    <\/article><\/div>\n            <div class=\"clearfix\"><\/div>\n        <\/div>\t\t<\/div>\n\t\t\t\t<\/div>\n\t\t\t\t\t\t<\/div>\n\t\t\t\t\t<\/div>\n\t\t<\/div>\n\t\t\t\t\t\t\t\t<\/div>\n\t\t\t\t\t<\/div>\n\t\t<\/section>\n\t\t\t\t\t\t\t\t\t<\/div>\n\t\t\t<\/div>\n\t\t\t\t\t<\/div>\n\t\t","protected":false},"excerpt":{"rendered":"<p> [&hellip;]<\/p>\n","protected":false},"author":1,"featured_media":0,"parent":0,"menu_order":0,"comment_status":"closed","ping_status":"closed","template":"elementor_header_footer","meta":[],"_links":{"self":[{"href":"https:\/\/ste-clm.com\/permisos3\/wp-json\/wp\/v2\/pages\/1737"}],"collection":[{"href":"https:\/\/ste-clm.com\/permisos3\/wp-json\/wp\/v2\/pages"}],"about":[{"href":"https:\/\/ste-clm.com\/permisos3\/wp-json\/wp\/v2\/types\/page"}],"author":[{"embeddable":true,"href":"https:\/\/ste-clm.com\/permisos3\/wp-json\/wp\/v2\/users\/1"}],"replies":[{"embeddable":true,"href":"https:\/\/ste-clm.com\/permisos3\/wp-json\/wp\/v2\/comments?post=1737"}],"version-history":[{"count":7,"href":"https:\/\/ste-clm.com\/permisos3\/wp-json\/wp\/v2\/pages\/1737\/revisions"}],"predecessor-version":[{"id":2562,"href":"https:\/\/ste-clm.com\/permisos3\/wp-json\/wp\/v2\/pages\/1737\/revisions\/2562"}],"wp:attachment":[{"href":"https:\/\/ste-clm.com\/permisos3\/wp-json\/wp\/v2\/media?parent=1737"}],"curies":[{"name":"wp","href":"https:\/\/api.w.org\/{rel}","templated":true}]}}